{"id":1506,"date":"2022-03-09T14:10:09","date_gmt":"2022-03-09T14:10:09","guid":{"rendered":"https:\/\/www.sedexpo.com\/inicio\/"},"modified":"2026-02-12T13:39:33","modified_gmt":"2026-02-12T13:39:33","slug":"inicio","status":"publish","type":"page","link":"https:\/\/www.sedexpo.com\/gl\/","title":{"rendered":"Inicio"},"content":{"rendered":"\t\t<div data-elementor-type=\"wp-page\" data-elementor-id=\"1506\" class=\"elementor elementor-1506 elementor-16\">\n\t\t\t\t\t\t\t\t\t<section class=\"elementor-section elementor-top-section elementor-element elementor-element-e2a8e56 elementor-section-full_width elementor-section-height-default elementor-section-height-default\" data-id=\"e2a8e56\" data-element_type=\"section\">\n\t\t\t\t\t\t<div class=\"elementor-container elementor-column-gap-no\">\n\t\t\t\t\t<div class=\"elementor-column elementor-col-100 elementor-top-column elementor-element elementor-element-fcc65e5\" data-id=\"fcc65e5\" data-element_type=\"column\">\n\t\t\t<div class=\"elementor-widget-wrap elementor-element-populated\">\n\t\t\t\t\t\t\t\t<div class=\"elementor-element elementor-element-ed96a8b elementor--v-position-bottom elementor--h-position-center elementor-arrows-position-inside elementor-pagination-position-inside elementor-widget elementor-widget-slides\" data-id=\"ed96a8b\" data-element_type=\"widget\" data-settings=\"{&quot;transition&quot;:&quot;fade&quot;,&quot;navigation&quot;:&quot;both&quot;,&quot;autoplay&quot;:&quot;yes&quot;,&quot;autoplay_speed&quot;:5000,&quot;infinite&quot;:&quot;yes&quot;,&quot;transition_speed&quot;:500}\" data-widget_type=\"slides.default\">\n\t\t\t\t<div class=\"elementor-widget-container\">\n\t\t\t<style>\/*! elementor-pro - v3.11.6 - 14-03-2023 *\/\n.elementor-slides .swiper-slide-bg{background-size:cover;background-position:50%;background-repeat:no-repeat;min-width:100%;min-height:100%}.elementor-slides .swiper-slide-inner{background-repeat:no-repeat;background-position:50%;position:absolute;top:0;left:0;bottom:0;right:0;padding:50px;margin:auto}.elementor-slides .swiper-slide-inner,.elementor-slides .swiper-slide-inner:hover{color:#fff;display:flex}.elementor-slides .swiper-slide-inner .elementor-background-overlay{position:absolute;z-index:0;top:0;bottom:0;left:0;right:0}.elementor-slides .swiper-slide-inner .elementor-slide-content{position:relative;z-index:1;width:100%}.elementor-slides .swiper-slide-inner .elementor-slide-heading{font-size:35px;font-weight:700;line-height:1}.elementor-slides .swiper-slide-inner .elementor-slide-description{font-size:17px;line-height:1.4}.elementor-slides .swiper-slide-inner .elementor-slide-description:not(:last-child),.elementor-slides .swiper-slide-inner .elementor-slide-heading:not(:last-child){margin-bottom:30px}.elementor-slides .swiper-slide-inner .elementor-slide-button{border:2px solid #fff;color:#fff;background:transparent;display:inline-block}.elementor-slides .swiper-slide-inner .elementor-slide-button,.elementor-slides .swiper-slide-inner .elementor-slide-button:hover{background:transparent;color:inherit;text-decoration:none}.elementor--v-position-top .swiper-slide-inner{align-items:flex-start}.elementor--v-position-bottom .swiper-slide-inner{align-items:flex-end}.elementor--v-position-middle .swiper-slide-inner{align-items:center}.elementor--h-position-left .swiper-slide-inner{justify-content:flex-start}.elementor--h-position-right .swiper-slide-inner{justify-content:flex-end}.elementor--h-position-center .swiper-slide-inner{justify-content:center}body.rtl .elementor-widget-slides .elementor-swiper-button-next{left:10px;right:auto}body.rtl .elementor-widget-slides .elementor-swiper-button-prev{right:10px;left:auto}.elementor-slides-wrapper div:not(.swiper-slide)>.swiper-slide-inner{display:none}@media (max-width:767px){.elementor-slides .swiper-slide-inner{padding:30px}.elementor-slides .swiper-slide-inner .elementor-slide-heading{font-size:23px;line-height:1;margin-bottom:15px}.elementor-slides .swiper-slide-inner .elementor-slide-description{font-size:13px;line-height:1.4;margin-bottom:15px}}<\/style>\t\t<div class=\"elementor-swiper\">\n\t\t\t<div class=\"elementor-slides-wrapper elementor-main-swiper swiper-container\" dir=\"ltr\" data-animation=\"\">\n\t\t\t\t<div class=\"swiper-wrapper elementor-slides\">\n\t\t\t\t\t\t\t\t\t\t<div class=\"elementor-repeater-item-a1d554b swiper-slide\"><div class=\"swiper-slide-bg elementor-ken-burns elementor-ken-burns--in\"><\/div><div class=\"swiper-slide-inner\" ><div class=\"swiper-slide-contents\"><div class=\"elementor-slide-description\"><div class=\"sedexpo-slide-description\">\n  <div class=\"sedexpo-slide-description-img\">\n    <img decoding=\"async\" src=\"\/wp-content\/uploads\/2022\/02\/sedexpo-logo.png\" alt=\"SEDEXPO\">\n  <\/div>\n  <div class=\"sedexpo-slide-description-txt\">\n    <h5>SILLEDA - GALICIA - ESPA\u00d1A<br>7-9 de abril de 2027<\/h5>\n    <h1>FEIRA INTERNACIONAL DE SEGURIDADE, DEFENSA E EMERXENCIAS<\/h1>\n  <\/div>\n<\/div><\/div><\/div><\/div><\/div><div class=\"elementor-repeater-item-f3a43ef swiper-slide\"><div class=\"swiper-slide-bg elementor-ken-burns elementor-ken-burns--in\"><\/div><div class=\"swiper-slide-inner\" ><div class=\"swiper-slide-contents\"><div class=\"elementor-slide-description\"><div class=\"sedexpo-slide-description\">\n  <div class=\"sedexpo-slide-description-img\">\n    <img decoding=\"async\" src=\"\/wp-content\/uploads\/2022\/02\/sedexpo-logo.png\" alt=\"SEDEXPO\">\n  <\/div>\n  <div class=\"sedexpo-slide-description-txt\">\n    <h5>SILLEDA - GALICIA - ESPA\u00d1A<br>7-9 de abril de 2027<\/h5>\n    <h1>FEIRA INTERNACIONAL DE SEGURIDADE, DEFENSA E EMERXENCIAS<\/h1>\n  <\/div>\n<\/div><\/div><\/div><\/div><\/div><div class=\"elementor-repeater-item-f47c3fe swiper-slide\"><div class=\"swiper-slide-bg elementor-ken-burns elementor-ken-burns--in\"><\/div><div class=\"swiper-slide-inner\" ><div class=\"swiper-slide-contents\"><div class=\"elementor-slide-description\"><div class=\"sedexpo-slide-description\">\n  <div class=\"sedexpo-slide-description-img\">\n    <img decoding=\"async\" src=\"\/wp-content\/uploads\/2022\/02\/sedexpo-logo.png\" alt=\"SEDEXPO\">\n  <\/div>\n  <div class=\"sedexpo-slide-description-txt\">\n    <h5>SILLEDA - GALICIA - ESPA\u00d1A<br>7-9 de abril de 2027<\/h5>\n    <h1>FEIRA INTERNACIONAL DE SEGURIDADE, DEFENSA E EMERXENCIAS<\/h1>\n  <\/div>\n<\/div><\/div><\/div><\/div><\/div><div class=\"elementor-repeater-item-94c8655 swiper-slide\"><div class=\"swiper-slide-bg elementor-ken-burns elementor-ken-burns--in\"><\/div><div class=\"swiper-slide-inner\" ><div class=\"swiper-slide-contents\"><div class=\"elementor-slide-description\"><div class=\"sedexpo-slide-description\">\n  <div class=\"sedexpo-slide-description-img\">\n    <img decoding=\"async\" src=\"\/wp-content\/uploads\/2022\/02\/sedexpo-logo.png\" alt=\"SEDEXPO\">\n  <\/div>\n  <div class=\"sedexpo-slide-description-txt\">\n    <h5>SILLEDA - GALICIA - ESPA\u00d1A<br>7-9 de abril de 2027<\/h5>\n    <h1>FEIRA INTERNACIONAL DE SEGURIDADE, DEFENSA E EMERXENCIAS<\/h1>\n  <\/div>\n<\/div><\/div><\/div><\/div><\/div><div class=\"elementor-repeater-item-b7fd9c6 swiper-slide\"><div class=\"swiper-slide-bg elementor-ken-burns elementor-ken-burns--in\"><\/div><div class=\"swiper-slide-inner\" ><div class=\"swiper-slide-contents\"><div class=\"elementor-slide-description\"><div class=\"sedexpo-slide-description\">\n  <div class=\"sedexpo-slide-description-img\">\n    <img decoding=\"async\" src=\"\/wp-content\/uploads\/2022\/02\/sedexpo-logo.png\" alt=\"SEDEXPO\">\n  <\/div>\n  <div class=\"sedexpo-slide-description-txt\">\n    <h5>SILLEDA - GALICIA - ESPA\u00d1A<br>7-9 de abril de 2027<\/h5>\n    <h1>FEIRA INTERNACIONAL DE SEGURIDADE, DEFENSA E EMERXENCIAS<\/h1>\n  <\/div>\n<\/div><\/div><\/div><\/div><\/div><div class=\"elementor-repeater-item-060b03d swiper-slide\"><div class=\"swiper-slide-bg elementor-ken-burns elementor-ken-burns--in\"><\/div><div class=\"swiper-slide-inner\" ><div class=\"swiper-slide-contents\"><div class=\"elementor-slide-description\"><div class=\"sedexpo-slide-description\">\n  <div class=\"sedexpo-slide-description-img\">\n    <img decoding=\"async\" src=\"\/wp-content\/uploads\/2022\/02\/sedexpo-logo.png\" alt=\"SEDEXPO\">\n  <\/div>\n  <div class=\"sedexpo-slide-description-txt\">\n    <h5>SILLEDA - GALICIA - ESPA\u00d1A<br>7-9 de abril de 2027<\/h5>\n    <h1>FEIRA INTERNACIONAL DE SEGURIDADE, DEFENSA E EMERXENCIAS<\/h1>\n  <\/div>\n<\/div><\/div><\/div><\/div><\/div><div class=\"elementor-repeater-item-da29c01 swiper-slide\"><div class=\"swiper-slide-bg elementor-ken-burns elementor-ken-burns--in\"><\/div><div class=\"swiper-slide-inner\" ><div class=\"swiper-slide-contents\"><div class=\"elementor-slide-description\"><div class=\"sedexpo-slide-description\">\n  <div class=\"sedexpo-slide-description-img\">\n    <img decoding=\"async\" src=\"\/wp-content\/uploads\/2022\/02\/sedexpo-logo.png\" alt=\"SEDEXPO\">\n  <\/div>\n  <div class=\"sedexpo-slide-description-txt\">\n    <h5>SILLEDA - GALICIA - ESPA\u00d1A<br>7-9 de abril de 2027<\/h5>\n    <h1>FEIRA INTERNACIONAL DE SEGURIDADE, DEFENSA E EMERXENCIAS<\/h1>\n  <\/div>\n<\/div><\/div><\/div><\/div><\/div>\t\t\t\t<\/div>\n\t\t\t\t\t\t\t\t\t\t\t\t\t\t\t<div class=\"swiper-pagination\"><\/div>\n\t\t\t\t\t\t\t\t\t\t\t\t\t\t\t\t<div class=\"elementor-swiper-button elementor-swiper-button-prev\">\n\t\t\t\t\t\t\t<i aria-hidden=\"true\" class=\"eicon-chevron-left\"><\/i>\t\t\t\t\t\t\t<span class=\"elementor-screen-only\">Previous<\/span>\n\t\t\t\t\t\t<\/div>\n\t\t\t\t\t\t<div class=\"elementor-swiper-button elementor-swiper-button-next\">\n\t\t\t\t\t\t\t<i aria-hidden=\"true\" class=\"eicon-chevron-right\"><\/i>\t\t\t\t\t\t\t<span class=\"elementor-screen-only\">Next<\/span>\n\t\t\t\t\t\t<\/div>\n\t\t\t\t\t\t\t\t\t\t\t\t<\/div>\n\t\t<\/div>\n\t\t\t\t<\/div>\n\t\t\t\t<\/div>\n\t\t\t\t\t<\/div>\n\t\t<\/div>\n\t\t\t\t\t\t\t<\/div>\n\t\t<\/section>\n\t\t\t\t<section class=\"elementor-section elementor-top-section elementor-element elementor-element-1c6962c elementor-section-boxed elementor-section-height-default elementor-section-height-default\" data-id=\"1c6962c\" data-element_type=\"section\">\n\t\t\t\t\t\t<div class=\"elementor-container elementor-column-gap-default\">\n\t\t\t\t\t<div class=\"elementor-column elementor-col-100 elementor-top-column elementor-element elementor-element-7fcc456\" data-id=\"7fcc456\" data-element_type=\"column\">\n\t\t\t<div class=\"elementor-widget-wrap\">\n\t\t\t\t\t\t\t\t\t<\/div>\n\t\t<\/div>\n\t\t\t\t\t\t\t<\/div>\n\t\t<\/section>\n\t\t\t\t<section class=\"elementor-section elementor-top-section elementor-element elementor-element-21364bd elementor-section-boxed elementor-section-height-default elementor-section-height-default\" data-id=\"21364bd\" data-element_type=\"section\">\n\t\t\t\t\t\t<div class=\"elementor-container elementor-column-gap-default\">\n\t\t\t\t\t<div class=\"elementor-column elementor-col-100 elementor-top-column elementor-element elementor-element-d70fffb\" data-id=\"d70fffb\" data-element_type=\"column\">\n\t\t\t<div class=\"elementor-widget-wrap elementor-element-populated\">\n\t\t\t\t\t\t\t\t<div class=\"elementor-element elementor-element-8c75e1d elementor-hidden-desktop elementor-hidden-tablet elementor-hidden-mobile elementor-widget elementor-widget-image\" data-id=\"8c75e1d\" data-element_type=\"widget\" data-widget_type=\"image.default\">\n\t\t\t\t<div class=\"elementor-widget-container\">\n\t\t\t<style>\/*! elementor - v3.11.5 - 14-03-2023 *\/\n.elementor-widget-image{text-align:center}.elementor-widget-image a{display:inline-block}.elementor-widget-image a img[src$=\".svg\"]{width:48px}.elementor-widget-image img{vertical-align:middle;display:inline-block}<\/style>\t\t\t\t\t\t\t\t\t\t\t\t\t<a href=\"https:\/\/www.feiradegalicia.com\/sedexpo\/evento\/sedexpo-2025\/\" target=\"_blank\">\n\t\t\t\t\t\t\t<img loading=\"lazy\" decoding=\"async\" width=\"1024\" height=\"213\" src=\"https:\/\/www.sedexpo.com\/wp-content\/uploads\/2024\/12\/banner-entrada-gratuita-sedexpo-1-1024x213.jpg\" class=\"attachment-large size-large wp-image-3594\" alt=\"\" srcset=\"https:\/\/www.sedexpo.com\/wp-content\/uploads\/2024\/12\/banner-entrada-gratuita-sedexpo-1-1024x213.jpg 1024w, https:\/\/www.sedexpo.com\/wp-content\/uploads\/2024\/12\/banner-entrada-gratuita-sedexpo-1-300x63.jpg 300w, https:\/\/www.sedexpo.com\/wp-content\/uploads\/2024\/12\/banner-entrada-gratuita-sedexpo-1-768x160.jpg 768w, https:\/\/www.sedexpo.com\/wp-content\/uploads\/2024\/12\/banner-entrada-gratuita-sedexpo-1-1536x320.jpg 1536w, https:\/\/www.sedexpo.com\/wp-content\/uploads\/2024\/12\/banner-entrada-gratuita-sedexpo-1-2048x427.jpg 2048w\" sizes=\"auto, (max-width: 1024px) 100vw, 1024px\" \/>\t\t\t\t\t\t\t\t<\/a>\n\t\t\t\t\t\t\t\t\t\t\t\t\t\t\t<\/div>\n\t\t\t\t<\/div>\n\t\t\t\t<div class=\"elementor-element elementor-element-ea626f0 elementor-invisible elementor-widget elementor-widget-image\" data-id=\"ea626f0\" data-element_type=\"widget\" data-settings=\"{&quot;_animation&quot;:&quot;fadeInUp&quot;,&quot;_animation_delay&quot;:100,&quot;_animation_tablet&quot;:&quot;none&quot;}\" data-widget_type=\"image.default\">\n\t\t\t\t<div class=\"elementor-widget-container\">\n\t\t\t\t\t\t\t\t\t\t\t\t\t\t\t<img decoding=\"async\" src=\"https:\/\/www.sedexpo.com\/wp-content\/uploads\/elementor\/thumbs\/sedexpo-logo-q3natz2zibwh59ngbjbxgc84g5dlup4cv6q3doaj9k.png\" title=\"sedexpo-logo.png\" alt=\"sedexpo-logo.png\" loading=\"lazy\" \/>\t\t\t\t\t\t\t\t\t\t\t\t\t\t\t<\/div>\n\t\t\t\t<\/div>\n\t\t\t\t<div class=\"elementor-element elementor-element-5598c94 elementor-invisible elementor-widget elementor-widget-heading\" data-id=\"5598c94\" data-element_type=\"widget\" data-settings=\"{&quot;_animation&quot;:&quot;fadeInUp&quot;,&quot;_animation_delay&quot;:100,&quot;_animation_tablet&quot;:&quot;none&quot;}\" data-widget_type=\"heading.default\">\n\t\t\t\t<div class=\"elementor-widget-container\">\n\t\t\t<style>\/*! elementor - v3.11.5 - 14-03-2023 *\/\n.elementor-heading-title{padding:0;margin:0;line-height:1}.elementor-widget-heading .elementor-heading-title[class*=elementor-size-]>a{color:inherit;font-size:inherit;line-height:inherit}.elementor-widget-heading .elementor-heading-title.elementor-size-small{font-size:15px}.elementor-widget-heading .elementor-heading-title.elementor-size-medium{font-size:19px}.elementor-widget-heading .elementor-heading-title.elementor-size-large{font-size:29px}.elementor-widget-heading .elementor-heading-title.elementor-size-xl{font-size:39px}.elementor-widget-heading .elementor-heading-title.elementor-size-xxl{font-size:59px}<\/style><h2 class=\"elementor-heading-title elementor-size-default\">SEDEXPO 2027<\/h2>\t\t<\/div>\n\t\t\t\t<\/div>\n\t\t\t\t<div class=\"elementor-element elementor-element-b95ed67 elementor-invisible elementor-widget elementor-widget-heading\" data-id=\"b95ed67\" data-element_type=\"widget\" data-settings=\"{&quot;_animation&quot;:&quot;fadeInUp&quot;,&quot;_animation_delay&quot;:100,&quot;_animation_tablet&quot;:&quot;none&quot;}\" data-widget_type=\"heading.default\">\n\t\t\t\t<div class=\"elementor-widget-container\">\n\t\t\t<h5 class=\"elementor-heading-title elementor-size-default\">Feira Internacional de Seguridade, Defensa e Emerxencias<\/h5>\t\t<\/div>\n\t\t\t\t<\/div>\n\t\t\t\t\t<\/div>\n\t\t<\/div>\n\t\t\t\t\t\t\t<\/div>\n\t\t<\/section>\n\t\t\t\t<section class=\"elementor-section elementor-top-section elementor-element elementor-element-2e2dcd7 elementor-section-full_width elementor-section-height-min-height elementor-section-items-stretch elementor-section-height-default\" data-id=\"2e2dcd7\" data-element_type=\"section\">\n\t\t\t\t\t\t<div class=\"elementor-container elementor-column-gap-no\">\n\t\t\t\t\t<div class=\"elementor-column elementor-col-50 elementor-top-column elementor-element elementor-element-38ed763 elementor-invisible\" data-id=\"38ed763\" data-element_type=\"column\" data-settings=\"{&quot;animation&quot;:&quot;fadeInLeft&quot;,&quot;animation_delay&quot;:100,&quot;animation_tablet&quot;:&quot;none&quot;}\">\n\t\t\t<div class=\"elementor-widget-wrap elementor-element-populated\">\n\t\t\t\t\t\t\t\t<div class=\"elementor-element elementor-element-474ad0a elementor-widget__width-initial elementor-widget-tablet__width-inherit elementor-widget elementor-widget-text-editor\" data-id=\"474ad0a\" data-element_type=\"widget\" data-widget_type=\"text-editor.default\">\n\t\t\t\t<div class=\"elementor-widget-container\">\n\t\t\t<style>\/*! elementor - v3.11.5 - 14-03-2023 *\/\n.elementor-widget-text-editor.elementor-drop-cap-view-stacked .elementor-drop-cap{background-color:#818a91;color:#fff}.elementor-widget-text-editor.elementor-drop-cap-view-framed .elementor-drop-cap{color:#818a91;border:3px solid;background-color:transparent}.elementor-widget-text-editor:not(.elementor-drop-cap-view-default) .elementor-drop-cap{margin-top:8px}.elementor-widget-text-editor:not(.elementor-drop-cap-view-default) .elementor-drop-cap-letter{width:1em;height:1em}.elementor-widget-text-editor .elementor-drop-cap{float:left;text-align:center;line-height:1;font-size:50px}.elementor-widget-text-editor .elementor-drop-cap-letter{display:inline-block}<\/style>\t\t\t\t<p>A <b>Feira Internacional de Seguridade, Defensa e Emerxencias, SEDEXPO<\/b>, \u00e9 un punto de encontro destes tres sectores crave na sociedade que na s\u00faa primeira cita marcou xa a diferenza. E f\u00edxoo tanto polo car\u00e1cter din\u00e1mico da s\u00faa exposici\u00f3n, mostrando en funcionamento os desenvolvementos e produtos que noutros certames s\u00f3 exh\u00edbense de forma est\u00e1tica, como polo seu gran nivel no intercambio de co\u00f1ecementos e creaci\u00f3n de sinerx\u00edas.<\/p><p>Empresas, profesionais, organismos p\u00fablicos e instituci\u00f3ns atopar\u00e1n na s\u00faa segunda edici\u00f3n un certame que se fortalece en canto \u00e1s oportunidades que ofrece para establecer alianzas, intercambiar experiencias, xerar negocio, tomar o pulso ao mercado e co\u00f1ecer non s\u00f3 as novidades destes \u00e1mbitos, sen\u00f3n tam\u00e9n as \u00faltimas tendencias.<\/p><p>De novo mostrar\u00e1 e po\u00f1er\u00e1 en valor tanto esta industria vital para a econom\u00eda e a sociedade como aos seus profesionais, contribu\u00edndo a impulsar a presenza exterior, superar os retos actuais, desenvolver novas capacidades e fortalecer a investigaci\u00f3n, as\u00ed como promover o seu car\u00e1cter dual e aplicaci\u00f3ns civ\u00eds.<\/p><p>Volver\u00e1 sumar outro obxectivo, fomentar a cultura de seguridade e defensa no cidad\u00e1n, achegar ao p\u00fablico o mundo das emerxencias e facelo part\u00edcipe da s\u00faa necesaria implicaci\u00f3n, ademais de visibilizar o importante papel da muller nestes tres campos.\u00a0<\/p>\t\t\t\t\t\t<\/div>\n\t\t\t\t<\/div>\n\t\t\t\t\t<\/div>\n\t\t<\/div>\n\t\t\t\t<div class=\"elementor-column elementor-col-50 elementor-top-column elementor-element elementor-element-f002891 elementor-invisible\" data-id=\"f002891\" data-element_type=\"column\" data-settings=\"{&quot;background_background&quot;:&quot;classic&quot;,&quot;animation&quot;:&quot;fadeInRight&quot;,&quot;animation_delay&quot;:100,&quot;animation_tablet&quot;:&quot;none&quot;}\">\n\t\t\t<div class=\"elementor-widget-wrap elementor-element-populated\">\n\t\t\t\t\t\t\t\t<div class=\"elementor-element elementor-element-dc94aad elementor-hidden-desktop elementor-widget elementor-widget-spacer\" data-id=\"dc94aad\" data-element_type=\"widget\" data-widget_type=\"spacer.default\">\n\t\t\t\t<div class=\"elementor-widget-container\">\n\t\t\t<style>\/*! elementor - v3.11.5 - 14-03-2023 *\/\n.elementor-column .elementor-spacer-inner{height:var(--spacer-size)}.e-con{--container-widget-width:100%}.e-con-inner>.elementor-widget-spacer,.e-con>.elementor-widget-spacer{width:var(--container-widget-width,var(--spacer-size));--align-self:var(--container-widget-align-self,initial);--flex-shrink:0}.e-con-inner>.elementor-widget-spacer>.elementor-widget-container,.e-con-inner>.elementor-widget-spacer>.elementor-widget-container>.elementor-spacer,.e-con>.elementor-widget-spacer>.elementor-widget-container,.e-con>.elementor-widget-spacer>.elementor-widget-container>.elementor-spacer{height:100%}.e-con-inner>.elementor-widget-spacer>.elementor-widget-container>.elementor-spacer>.elementor-spacer-inner,.e-con>.elementor-widget-spacer>.elementor-widget-container>.elementor-spacer>.elementor-spacer-inner{height:var(--container-widget-height,var(--spacer-size))}<\/style>\t\t<div class=\"elementor-spacer\">\n\t\t\t<div class=\"elementor-spacer-inner\"><\/div>\n\t\t<\/div>\n\t\t\t\t<\/div>\n\t\t\t\t<\/div>\n\t\t\t\t\t<\/div>\n\t\t<\/div>\n\t\t\t\t\t\t\t<\/div>\n\t\t<\/section>\n\t\t\t\t<section class=\"elementor-section elementor-top-section elementor-element elementor-element-2a48f6e elementor-section-boxed elementor-section-height-default elementor-section-height-default\" data-id=\"2a48f6e\" data-element_type=\"section\">\n\t\t\t\t\t\t<div class=\"elementor-container elementor-column-gap-default\">\n\t\t\t\t\t<div class=\"elementor-column elementor-col-100 elementor-top-column elementor-element elementor-element-1924f8c\" data-id=\"1924f8c\" data-element_type=\"column\">\n\t\t\t<div class=\"elementor-widget-wrap elementor-element-populated\">\n\t\t\t\t\t\t\t\t<div class=\"elementor-element elementor-element-9559f94 elementor-hidden-desktop elementor-hidden-tablet elementor-hidden-mobile elementor-widget elementor-widget-image\" data-id=\"9559f94\" data-element_type=\"widget\" data-widget_type=\"image.default\">\n\t\t\t\t<div class=\"elementor-widget-container\">\n\t\t\t\t\t\t\t\t\t\t\t\t\t\t\t\t<a href=\"https:\/\/docs.google.com\/forms\/d\/e\/1FAIpQLSfRyziCv3jGZTBmHnOBYtOvP1X4dBfErzkRVImYgnE016foiQ\/viewform\" target=\"_blank\">\n\t\t\t\t\t\t\t<img loading=\"lazy\" decoding=\"async\" width=\"1024\" height=\"202\" src=\"https:\/\/www.sedexpo.com\/wp-content\/uploads\/2023\/11\/BANNER-autobuses-1-1024x202.jpg\" class=\"attachment-large size-large wp-image-3110\" alt=\"\" srcset=\"https:\/\/www.sedexpo.com\/wp-content\/uploads\/2023\/11\/BANNER-autobuses-1-1024x202.jpg 1024w, https:\/\/www.sedexpo.com\/wp-content\/uploads\/2023\/11\/BANNER-autobuses-1-300x59.jpg 300w, https:\/\/www.sedexpo.com\/wp-content\/uploads\/2023\/11\/BANNER-autobuses-1-768x152.jpg 768w, https:\/\/www.sedexpo.com\/wp-content\/uploads\/2023\/11\/BANNER-autobuses-1-1536x304.jpg 1536w, https:\/\/www.sedexpo.com\/wp-content\/uploads\/2023\/11\/BANNER-autobuses-1.jpg 1897w\" sizes=\"auto, (max-width: 1024px) 100vw, 1024px\" \/>\t\t\t\t\t\t\t\t<\/a>\n\t\t\t\t\t\t\t\t\t\t\t\t\t\t\t<\/div>\n\t\t\t\t<\/div>\n\t\t\t\t\t<\/div>\n\t\t<\/div>\n\t\t\t\t\t\t\t<\/div>\n\t\t<\/section>\n\t\t\t\t<section class=\"elementor-section elementor-top-section elementor-element elementor-element-6a62e8c elementor-section-boxed elementor-section-height-default elementor-section-height-default\" data-id=\"6a62e8c\" data-element_type=\"section\" data-settings=\"{&quot;background_background&quot;:&quot;gradient&quot;}\">\n\t\t\t\t\t\t<div class=\"elementor-container elementor-column-gap-wide\">\n\t\t\t\t\t<div class=\"elementor-column elementor-col-25 elementor-top-column elementor-element elementor-element-d1e6ae1 elementor-invisible\" data-id=\"d1e6ae1\" data-element_type=\"column\" data-settings=\"{&quot;animation&quot;:&quot;fadeInLeft&quot;,&quot;animation_delay&quot;:100,&quot;animation_tablet&quot;:&quot;none&quot;}\">\n\t\t\t<div class=\"elementor-widget-wrap elementor-element-populated\">\n\t\t\t\t\t\t\t\t<div class=\"elementor-element elementor-element-f65af03 elementor-view-default elementor-mobile-position-top elementor-vertical-align-top elementor-widget elementor-widget-icon-box\" data-id=\"f65af03\" data-element_type=\"widget\" data-widget_type=\"icon-box.default\">\n\t\t\t\t<div class=\"elementor-widget-container\">\n\t\t\t<link rel=\"stylesheet\" href=\"https:\/\/www.sedexpo.com\/wp-content\/plugins\/elementor\/assets\/css\/widget-icon-box.min.css\">\t\t<div class=\"elementor-icon-box-wrapper\">\n\t\t\t\t\t\t<div class=\"elementor-icon-box-icon\">\n\t\t\t\t<span class=\"elementor-icon elementor-animation-\" >\n\t\t\t\t<i aria-hidden=\"true\" class=\"far fa-calendar-alt\"><\/i>\t\t\t\t<\/span>\n\t\t\t<\/div>\n\t\t\t\t\t\t<div class=\"elementor-icon-box-content\">\n\t\t\t\t<h3 class=\"elementor-icon-box-title\">\n\t\t\t\t\t<span  >\n\t\t\t\t\t\tDatas\t\t\t\t\t<\/span>\n\t\t\t\t<\/h3>\n\t\t\t\t\t\t\t\t\t<p class=\"elementor-icon-box-description\">\n\t\t\t\t\t\t7-9 de abril 2027. <br>Gratu\u00edto, previa inscrici\u00f3n.\t\t\t\t\t<\/p>\n\t\t\t\t\t\t\t<\/div>\n\t\t<\/div>\n\t\t\t\t<\/div>\n\t\t\t\t<\/div>\n\t\t\t\t\t<\/div>\n\t\t<\/div>\n\t\t\t\t<div class=\"elementor-column elementor-col-25 elementor-top-column elementor-element elementor-element-b2765f7 elementor-invisible\" data-id=\"b2765f7\" data-element_type=\"column\" data-settings=\"{&quot;animation&quot;:&quot;fadeInLeft&quot;,&quot;animation_delay&quot;:300,&quot;animation_tablet&quot;:&quot;none&quot;}\">\n\t\t\t<div class=\"elementor-widget-wrap elementor-element-populated\">\n\t\t\t\t\t\t\t\t<div class=\"elementor-element elementor-element-aeeadb6 elementor-view-default elementor-mobile-position-top elementor-vertical-align-top elementor-widget elementor-widget-icon-box\" data-id=\"aeeadb6\" data-element_type=\"widget\" data-widget_type=\"icon-box.default\">\n\t\t\t\t<div class=\"elementor-widget-container\">\n\t\t\t\t\t<div class=\"elementor-icon-box-wrapper\">\n\t\t\t\t\t\t<div class=\"elementor-icon-box-icon\">\n\t\t\t\t<span class=\"elementor-icon elementor-animation-\" >\n\t\t\t\t<i aria-hidden=\"true\" class=\"far fa-user-circle\"><\/i>\t\t\t\t<\/span>\n\t\t\t<\/div>\n\t\t\t\t\t\t<div class=\"elementor-icon-box-content\">\n\t\t\t\t<h3 class=\"elementor-icon-box-title\">\n\t\t\t\t\t<span  >\n\t\t\t\t\t\tPerfil\t\t\t\t\t<\/span>\n\t\t\t\t<\/h3>\n\t\t\t\t\t\t\t\t\t<p class=\"elementor-icon-box-description\">\n\t\t\t\t\t\tProfesiona e <r>p\u00fablico xeral.<\/r>\t\t\t\t\t<\/p>\n\t\t\t\t\t\t\t<\/div>\n\t\t<\/div>\n\t\t\t\t<\/div>\n\t\t\t\t<\/div>\n\t\t\t\t\t<\/div>\n\t\t<\/div>\n\t\t\t\t<div class=\"elementor-column elementor-col-25 elementor-top-column elementor-element elementor-element-ae5fe69 elementor-invisible\" data-id=\"ae5fe69\" data-element_type=\"column\" data-settings=\"{&quot;animation&quot;:&quot;fadeInLeft&quot;,&quot;animation_delay&quot;:500,&quot;animation_tablet&quot;:&quot;none&quot;}\">\n\t\t\t<div class=\"elementor-widget-wrap elementor-element-populated\">\n\t\t\t\t\t\t\t\t<div class=\"elementor-element elementor-element-45ed1ba elementor-view-default elementor-mobile-position-top elementor-vertical-align-top elementor-widget elementor-widget-icon-box\" data-id=\"45ed1ba\" data-element_type=\"widget\" data-widget_type=\"icon-box.default\">\n\t\t\t\t<div class=\"elementor-widget-container\">\n\t\t\t\t\t<div class=\"elementor-icon-box-wrapper\">\n\t\t\t\t\t\t<div class=\"elementor-icon-box-icon\">\n\t\t\t\t<span class=\"elementor-icon elementor-animation-\" >\n\t\t\t\t<i aria-hidden=\"true\" class=\"fas fa-map-marker-alt\"><\/i>\t\t\t\t<\/span>\n\t\t\t<\/div>\n\t\t\t\t\t\t<div class=\"elementor-icon-box-content\">\n\t\t\t\t<h3 class=\"elementor-icon-box-title\">\n\t\t\t\t\t<span  >\n\t\t\t\t\t\tLocalizaci\u00f3n\t\t\t\t\t<\/span>\n\t\t\t\t<\/h3>\n\t\t\t\t\t\t\t\t\t<p class=\"elementor-icon-box-description\">\n\t\t\t\t\t\tFeira Internacional de Galicia.<br> Abanca - Silleda\n(preto de Santiago de Compostela \u2013 Espa\u00f1a).\t\t\t\t\t<\/p>\n\t\t\t\t\t\t\t<\/div>\n\t\t<\/div>\n\t\t\t\t<\/div>\n\t\t\t\t<\/div>\n\t\t\t\t\t<\/div>\n\t\t<\/div>\n\t\t\t\t<div class=\"elementor-column elementor-col-25 elementor-top-column elementor-element elementor-element-b273f25 elementor-invisible\" data-id=\"b273f25\" data-element_type=\"column\" data-settings=\"{&quot;animation&quot;:&quot;fadeInLeft&quot;,&quot;animation_delay&quot;:700,&quot;animation_tablet&quot;:&quot;none&quot;}\">\n\t\t\t<div class=\"elementor-widget-wrap elementor-element-populated\">\n\t\t\t\t\t\t\t\t<div class=\"elementor-element elementor-element-cd2e58d elementor-view-default elementor-mobile-position-top elementor-vertical-align-top elementor-widget elementor-widget-icon-box\" data-id=\"cd2e58d\" data-element_type=\"widget\" data-widget_type=\"icon-box.default\">\n\t\t\t\t<div class=\"elementor-widget-container\">\n\t\t\t\t\t<div class=\"elementor-icon-box-wrapper\">\n\t\t\t\t\t\t<div class=\"elementor-icon-box-icon\">\n\t\t\t\t<span class=\"elementor-icon elementor-animation-\" >\n\t\t\t\t<i aria-hidden=\"true\" class=\"far fa-star\"><\/i>\t\t\t\t<\/span>\n\t\t\t<\/div>\n\t\t\t\t\t\t<div class=\"elementor-icon-box-content\">\n\t\t\t\t<h3 class=\"elementor-icon-box-title\">\n\t\t\t\t\t<span  >\n\t\t\t\t\t\tAcceso\t\t\t\t\t<\/span>\n\t\t\t\t<\/h3>\n\t\t\t\t\t\t\t\t\t<p class=\"elementor-icon-box-description\">\n\t\t\t\t\t\tGratu\u00edto previa inscrici\u00f3n.<br>Horario:<br>M\u00e9rcores e xoves\nde 10:00 a 18:30 h.<br>Venres de 10:00 a 15:00 h.\n\t\t\t\t\t<\/p>\n\t\t\t\t\t\t\t<\/div>\n\t\t<\/div>\n\t\t\t\t<\/div>\n\t\t\t\t<\/div>\n\t\t\t\t\t<\/div>\n\t\t<\/div>\n\t\t\t\t\t\t\t<\/div>\n\t\t<\/section>\n\t\t\t\t<section class=\"elementor-section elementor-top-section elementor-element elementor-element-301e6d5 elementor-section-boxed elementor-section-height-default elementor-section-height-default\" data-id=\"301e6d5\" data-element_type=\"section\">\n\t\t\t\t\t\t<div class=\"elementor-container elementor-column-gap-default\">\n\t\t\t\t\t<div class=\"elementor-column elementor-col-100 elementor-top-column elementor-element elementor-element-77791be\" data-id=\"77791be\" data-element_type=\"column\">\n\t\t\t<div class=\"elementor-widget-wrap elementor-element-populated\">\n\t\t\t\t\t\t\t\t<div class=\"elementor-element elementor-element-c3e7db0 elementor-invisible elementor-widget elementor-widget-image\" data-id=\"c3e7db0\" data-element_type=\"widget\" data-settings=\"{&quot;_animation&quot;:&quot;fadeInUp&quot;,&quot;_animation_delay&quot;:100,&quot;_animation_tablet&quot;:&quot;none&quot;}\" data-widget_type=\"image.default\">\n\t\t\t\t<div class=\"elementor-widget-container\">\n\t\t\t\t\t\t\t\t\t\t\t\t\t\t\t<img decoding=\"async\" src=\"https:\/\/www.sedexpo.com\/wp-content\/uploads\/elementor\/thumbs\/sedexpo-logo-pk99rewjt0yk8t95ul1288xhiz4krfzeifq4vyrk08.png\" title=\"sedexpo-logo\" alt=\"sedexpo-logo\" loading=\"lazy\" \/>\t\t\t\t\t\t\t\t\t\t\t\t\t\t\t<\/div>\n\t\t\t\t<\/div>\n\t\t\t\t<div class=\"elementor-element elementor-element-c1bf270 sedexpo-heading-underline elementor-invisible elementor-widget elementor-widget-heading\" data-id=\"c1bf270\" data-element_type=\"widget\" data-settings=\"{&quot;_animation&quot;:&quot;fadeInUp&quot;,&quot;_animation_delay&quot;:100,&quot;_animation_tablet&quot;:&quot;none&quot;}\" data-widget_type=\"heading.default\">\n\t\t\t\t<div class=\"elementor-widget-container\">\n\t\t\t<h2 class=\"elementor-heading-title elementor-size-default\">\u00bfQueres acompa\u00f1arnos como expositor?<\/h2>\t\t<\/div>\n\t\t\t\t<\/div>\n\t\t\t\t\t<\/div>\n\t\t<\/div>\n\t\t\t\t\t\t\t<\/div>\n\t\t<\/section>\n\t\t\t\t<section class=\"elementor-section elementor-top-section elementor-element elementor-element-f21d21e elementor-section-full_width elementor-section-height-min-height elementor-section-items-stretch elementor-reverse-tablet elementor-reverse-mobile elementor-section-height-default\" data-id=\"f21d21e\" data-element_type=\"section\">\n\t\t\t\t\t\t<div class=\"elementor-container elementor-column-gap-no\">\n\t\t\t\t\t<div class=\"elementor-column elementor-col-50 elementor-top-column elementor-element elementor-element-bafc038 elementor-invisible\" data-id=\"bafc038\" data-element_type=\"column\" data-settings=\"{&quot;background_background&quot;:&quot;classic&quot;,&quot;animation&quot;:&quot;fadeInLeft&quot;,&quot;animation_delay&quot;:100,&quot;animation_tablet&quot;:&quot;none&quot;}\">\n\t\t\t<div class=\"elementor-widget-wrap elementor-element-populated\">\n\t\t\t\t\t\t\t\t<div class=\"elementor-element elementor-element-9503de0 elementor-hidden-desktop elementor-widget elementor-widget-spacer\" data-id=\"9503de0\" data-element_type=\"widget\" data-widget_type=\"spacer.default\">\n\t\t\t\t<div class=\"elementor-widget-container\">\n\t\t\t\t\t<div class=\"elementor-spacer\">\n\t\t\t<div class=\"elementor-spacer-inner\"><\/div>\n\t\t<\/div>\n\t\t\t\t<\/div>\n\t\t\t\t<\/div>\n\t\t\t\t\t<\/div>\n\t\t<\/div>\n\t\t\t\t<div class=\"elementor-column elementor-col-50 elementor-top-column elementor-element elementor-element-72cbc76 elementor-invisible\" data-id=\"72cbc76\" data-element_type=\"column\" data-settings=\"{&quot;animation&quot;:&quot;fadeInRight&quot;,&quot;animation_delay&quot;:100,&quot;animation_tablet&quot;:&quot;none&quot;}\">\n\t\t\t<div class=\"elementor-widget-wrap elementor-element-populated\">\n\t\t\t\t\t\t\t\t<div class=\"elementor-element elementor-element-89740d0 elementor-widget-tablet__width-inherit elementor-widget elementor-widget-heading\" data-id=\"89740d0\" data-element_type=\"widget\" data-widget_type=\"heading.default\">\n\t\t\t\t<div class=\"elementor-widget-container\">\n\t\t\t<h3 class=\"elementor-heading-title elementor-size-default\">\u00a1Non deixes escapar a oportunidade de formar parte de SEDEXPO 2027!<\/h3>\t\t<\/div>\n\t\t\t\t<\/div>\n\t\t\t\t<div class=\"elementor-element elementor-element-8433c40 elementor-widget-tablet__width-inherit elementor-widget elementor-widget-text-editor\" data-id=\"8433c40\" data-element_type=\"widget\" data-widget_type=\"text-editor.default\">\n\t\t\t\t<div class=\"elementor-widget-container\">\n\t\t\t\t\t\t\t<p>Un certame \u00fanico nun espazo \u00fanico, no que ter\u00e1n cabida t\u00f3dalas pezas clave que conforman os \u00e1mbitos da SEGURIDADE, a DEFENSA e as EMERXENCIAS.<\/p>\n\t\t\t\t\t\t<\/div>\n\t\t\t\t<\/div>\n\t\t\t\t<div class=\"elementor-element elementor-element-1d66ce0 elementor-widget-tablet__width-inherit elementor-icon-list--layout-traditional elementor-list-item-link-full_width elementor-widget elementor-widget-icon-list\" data-id=\"1d66ce0\" data-element_type=\"widget\" data-widget_type=\"icon-list.default\">\n\t\t\t\t<div class=\"elementor-widget-container\">\n\t\t\t<link rel=\"stylesheet\" href=\"https:\/\/www.sedexpo.com\/wp-content\/plugins\/elementor\/assets\/css\/widget-icon-list.min.css\">\t\t<ul class=\"elementor-icon-list-items\">\n\t\t\t\t\t\t\t<li class=\"elementor-icon-list-item\">\n\t\t\t\t\t\t\t\t\t\t\t<span class=\"elementor-icon-list-icon\">\n\t\t\t\t\t\t\t<i aria-hidden=\"true\" class=\"fas fa-angle-right\"><\/i>\t\t\t\t\t\t<\/span>\n\t\t\t\t\t\t\t\t\t\t<span class=\"elementor-icon-list-text\">SEGURIDADE P\u00daBLICA <\/span>\n\t\t\t\t\t\t\t\t\t<\/li>\n\t\t\t\t\t\t\t\t<li class=\"elementor-icon-list-item\">\n\t\t\t\t\t\t\t\t\t\t\t<span class=\"elementor-icon-list-icon\">\n\t\t\t\t\t\t\t<i aria-hidden=\"true\" class=\"fas fa-angle-right\"><\/i>\t\t\t\t\t\t<\/span>\n\t\t\t\t\t\t\t\t\t\t<span class=\"elementor-icon-list-text\">SEGURIDADE PRIVADA<\/span>\n\t\t\t\t\t\t\t\t\t<\/li>\n\t\t\t\t\t\t\t\t<li class=\"elementor-icon-list-item\">\n\t\t\t\t\t\t\t\t\t\t\t<span class=\"elementor-icon-list-icon\">\n\t\t\t\t\t\t\t<i aria-hidden=\"true\" class=\"fas fa-angle-right\"><\/i>\t\t\t\t\t\t<\/span>\n\t\t\t\t\t\t\t\t\t\t<span class=\"elementor-icon-list-text\">EMERXENCIAS<\/span>\n\t\t\t\t\t\t\t\t\t<\/li>\n\t\t\t\t\t\t\t\t<li class=\"elementor-icon-list-item\">\n\t\t\t\t\t\t\t\t\t\t\t<span class=\"elementor-icon-list-icon\">\n\t\t\t\t\t\t\t<i aria-hidden=\"true\" class=\"fas fa-angle-right\"><\/i>\t\t\t\t\t\t<\/span>\n\t\t\t\t\t\t\t\t\t\t<span class=\"elementor-icon-list-text\">DEFENSA<\/span>\n\t\t\t\t\t\t\t\t\t<\/li>\n\t\t\t\t\t\t<\/ul>\n\t\t\t\t<\/div>\n\t\t\t\t<\/div>\n\t\t\t\t\t<\/div>\n\t\t<\/div>\n\t\t\t\t\t\t\t<\/div>\n\t\t<\/section>\n\t\t\t\t<section class=\"elementor-section elementor-top-section elementor-element elementor-element-dd0a101 elementor-section-boxed elementor-section-height-default elementor-section-height-default\" data-id=\"dd0a101\" data-element_type=\"section\">\n\t\t\t\t\t\t<div class=\"elementor-container elementor-column-gap-default\">\n\t\t\t\t\t<div class=\"elementor-column elementor-col-100 elementor-top-column elementor-element elementor-element-7aeba9a\" data-id=\"7aeba9a\" data-element_type=\"column\">\n\t\t\t<div class=\"elementor-widget-wrap elementor-element-populated\">\n\t\t\t\t\t\t\t\t<div class=\"elementor-element elementor-element-19dc957 elementor-invisible elementor-widget elementor-widget-image\" data-id=\"19dc957\" data-element_type=\"widget\" data-settings=\"{&quot;_animation&quot;:&quot;fadeInUp&quot;,&quot;_animation_delay&quot;:100,&quot;_animation_tablet&quot;:&quot;none&quot;}\" data-widget_type=\"image.default\">\n\t\t\t\t<div class=\"elementor-widget-container\">\n\t\t\t\t\t\t\t\t\t\t\t\t\t\t\t<img decoding=\"async\" src=\"https:\/\/www.sedexpo.com\/wp-content\/uploads\/elementor\/thumbs\/sedexpo-logo-pk99rewjt0yk8t95ul1288xhiz4krfzeifq4vyrk08.png\" title=\"sedexpo-logo\" alt=\"sedexpo-logo\" loading=\"lazy\" \/>\t\t\t\t\t\t\t\t\t\t\t\t\t\t\t<\/div>\n\t\t\t\t<\/div>\n\t\t\t\t<div class=\"elementor-element elementor-element-cbdc4f5 sedexpo-heading-underline elementor-invisible elementor-widget elementor-widget-heading\" data-id=\"cbdc4f5\" data-element_type=\"widget\" data-settings=\"{&quot;_animation&quot;:&quot;fadeInUp&quot;,&quot;_animation_delay&quot;:100,&quot;_animation_tablet&quot;:&quot;none&quot;}\" data-widget_type=\"heading.default\">\n\t\t\t\t<div class=\"elementor-widget-container\">\n\t\t\t<h2 class=\"elementor-heading-title elementor-size-default\">Actualidade SEDEXPO<\/h2>\t\t<\/div>\n\t\t\t\t<\/div>\n\t\t\t\t<div class=\"elementor-element elementor-element-c068107 elementor-posts--thumbnail-top elementor-grid-3 elementor-grid-tablet-2 elementor-grid-mobile-1 elementor-invisible elementor-widget elementor-widget-posts\" data-id=\"c068107\" data-element_type=\"widget\" data-settings=\"{&quot;_animation&quot;:&quot;fadeInUp&quot;,&quot;_animation_delay&quot;:100,&quot;_animation_tablet&quot;:&quot;none&quot;,&quot;custom_columns&quot;:&quot;3&quot;,&quot;custom_columns_tablet&quot;:&quot;2&quot;,&quot;custom_columns_mobile&quot;:&quot;1&quot;,&quot;custom_row_gap&quot;:{&quot;unit&quot;:&quot;px&quot;,&quot;size&quot;:35,&quot;sizes&quot;:[]},&quot;custom_row_gap_tablet&quot;:{&quot;unit&quot;:&quot;px&quot;,&quot;size&quot;:&quot;&quot;,&quot;sizes&quot;:[]},&quot;custom_row_gap_mobile&quot;:{&quot;unit&quot;:&quot;px&quot;,&quot;size&quot;:&quot;&quot;,&quot;sizes&quot;:[]}}\" data-widget_type=\"posts.custom\">\n\t\t\t\t<div class=\"elementor-widget-container\">\n\t\t\t<link rel=\"stylesheet\" href=\"https:\/\/www.sedexpo.com\/wp-content\/plugins\/elementor-pro\/assets\/css\/widget-posts.min.css\">      <div class=\"ecs-posts elementor-posts-container elementor-posts   elementor-grid elementor-posts--skin-custom\" data-settings=\"{&quot;current_page&quot;:1,&quot;max_num_pages&quot;:&quot;5&quot;,&quot;load_method&quot;:&quot;&quot;,&quot;widget_id&quot;:&quot;c068107&quot;,&quot;post_id&quot;:1506,&quot;theme_id&quot;:1506,&quot;change_url&quot;:false,&quot;reinit_js&quot;:false}\">\n      \t\t<article id=\"post-4179\" class=\"elementor-post elementor-grid-item ecs-post-loop post-4179 post type-post status-publish format-standard has-post-thumbnail hentry category-uncategorized-gl\">\n\t\t\t\t<div data-elementor-type=\"loop\" data-elementor-id=\"208\" class=\"elementor elementor-208 post-4179 post type-post status-publish format-standard has-post-thumbnail hentry category-uncategorized-gl\">\n\t\t\t\t\t\t\t\t<section class=\"elementor-section elementor-top-section elementor-element elementor-element-1d7e0a4 elementor-section-full_width elementor-section-height-default elementor-section-height-default\" data-id=\"1d7e0a4\" data-element_type=\"section\">\n\t\t\t\t\t\t<div class=\"elementor-container elementor-column-gap-no\">\n\t\t\t\t\t<div class=\"make-column-clickable-elementor elementor-column elementor-col-100 elementor-top-column elementor-element elementor-element-6321ee5\" style=\"cursor: pointer;\" data-column-clickable=\"https:\/\/www.sedexpo.com\/gl\/sedexpo-volvera-a-dar-protagonismo-a-los-sectores-de-seguridad-defensa-y-emergencias-del-7-al-9-de-abril-de-2027\/\" data-column-clickable-blank=\"_self\" data-id=\"6321ee5\" data-element_type=\"column\">\n\t\t\t<div class=\"elementor-widget-wrap elementor-element-populated\">\n\t\t\t\t\t\t<style>#post-4179 .elementor-208 .elementor-element.elementor-element-35df029:not(.elementor-motion-effects-element-type-background), #post-4179 .elementor-208 .elementor-element.elementor-element-35df029 > .elementor-motion-effects-container > .elementor-motion-effects-layer{background-image: url(\"https:\/\/www.sedexpo.com\/wp-content\/uploads\/2026\/02\/Reunion-Comite-Sedexpo-2027-__-DSC08916-scaled.jpg\");}<\/style>\t\t<section class=\"elementor-section elementor-inner-section elementor-element elementor-element-35df029 elementor-section-full_width elementor-section-height-min-height elementor-section-height-default\" data-id=\"35df029\" data-element_type=\"section\" data-settings=\"{&quot;background_background&quot;:&quot;classic&quot;}\">\n\t\t\t\t\t\t<div class=\"elementor-container elementor-column-gap-no\">\n\t\t\t\t\t<div class=\"elementor-column elementor-col-100 elementor-inner-column elementor-element elementor-element-1cafc09\" data-id=\"1cafc09\" data-element_type=\"column\">\n\t\t\t<div class=\"elementor-widget-wrap\">\n\t\t\t\t\t\t\t\t\t<\/div>\n\t\t<\/div>\n\t\t\t\t\t\t\t<\/div>\n\t\t<\/section>\n\t\t\t\t<section class=\"elementor-section elementor-inner-section elementor-element elementor-element-5a7aa4e elementor-section-full_width elementor-section-height-default elementor-section-height-default\" data-id=\"5a7aa4e\" data-element_type=\"section\" data-settings=\"{&quot;background_background&quot;:&quot;classic&quot;}\">\n\t\t\t\t\t\t<div class=\"elementor-container elementor-column-gap-default\">\n\t\t\t\t\t<div class=\"elementor-column elementor-col-100 elementor-inner-column elementor-element elementor-element-f52386e\" data-id=\"f52386e\" data-element_type=\"column\">\n\t\t\t<div class=\"elementor-widget-wrap elementor-element-populated\">\n\t\t\t\t\t\t\t\t<div class=\"elementor-element elementor-element-f7e5506 elementor-widget elementor-widget-theme-post-title elementor-page-title elementor-widget-heading\" data-id=\"f7e5506\" data-element_type=\"widget\" data-widget_type=\"theme-post-title.default\">\n\t\t\t\t<div class=\"elementor-widget-container\">\n\t\t\t<h3 class=\"elementor-heading-title elementor-size-default\"><a href=\"https:\/\/www.sedexpo.com\/gl\/sedexpo-volvera-a-dar-protagonismo-a-los-sectores-de-seguridad-defensa-y-emergencias-del-7-al-9-de-abril-de-2027\/\">Sedexpo volver\u00e1 dar protagonismo aos sectores de seguridade, defensa e emerxencias do 7 ao 9 de abril de 2027<\/a><\/h3>\t\t<\/div>\n\t\t\t\t<\/div>\n\t\t\t\t<div class=\"elementor-element elementor-element-f7319f8 elementor-widget elementor-widget-post-info\" data-id=\"f7319f8\" data-element_type=\"widget\" data-widget_type=\"post-info.default\">\n\t\t\t\t<div class=\"elementor-widget-container\">\n\t\t\t<link rel=\"stylesheet\" href=\"https:\/\/www.sedexpo.com\/wp-content\/plugins\/elementor-pro\/assets\/css\/widget-theme-elements.min.css\">\t\t<ul class=\"elementor-inline-items elementor-icon-list-items elementor-post-info\">\n\t\t\t\t\t\t\t\t<li class=\"elementor-icon-list-item elementor-repeater-item-2cd20f6 elementor-inline-item\" itemprop=\"datePublished\">\n\t\t\t\t\t\t\t\t\t\t\t\t\t<span class=\"elementor-icon-list-text elementor-post-info__item elementor-post-info__item--type-date\">\n\t\t\t\t\t\t\t\t\t\t12.02.2026\t\t\t\t\t<\/span>\n\t\t\t\t\t\t\t\t<\/li>\n\t\t\t\t<\/ul>\n\t\t\t\t<\/div>\n\t\t\t\t<\/div>\n\t\t\t\t<div class=\"elementor-element elementor-element-5be9030 elementor-widget elementor-widget-text-editor\" data-id=\"5be9030\" data-element_type=\"widget\" data-widget_type=\"text-editor.default\">\n\t\t\t\t<div class=\"elementor-widget-container\">\n\t\t\t\t\t\t\tSER\u00c1 A CUARTA EDICI\u00d3N DESTE CERTAME ORGANIZADO POLA FEIRA INTERNACIONAL DE GALICIA ABANCA A ENTIDADE FEIRAL CELEBROU HOXE UNHA REUNI\u00d3N CO SEU COMIT\u00c9 ORGANIZADOR\t\t\t\t\t\t<\/div>\n\t\t\t\t<\/div>\n\t\t\t\t<div class=\"elementor-element elementor-element-b6017a1 elementor-widget elementor-widget-heading\" data-id=\"b6017a1\" data-element_type=\"widget\" data-widget_type=\"heading.default\">\n\t\t\t\t<div class=\"elementor-widget-container\">\n\t\t\t<p class=\"elementor-heading-title elementor-size-default\"><a href=\"https:\/\/www.sedexpo.com\/gl\/sedexpo-volvera-a-dar-protagonismo-a-los-sectores-de-seguridad-defensa-y-emergencias-del-7-al-9-de-abril-de-2027\/\">+ info<\/a><\/p>\t\t<\/div>\n\t\t\t\t<\/div>\n\t\t\t\t\t<\/div>\n\t\t<\/div>\n\t\t\t\t\t\t\t<\/div>\n\t\t<\/section>\n\t\t\t\t\t<\/div>\n\t\t<\/div>\n\t\t\t\t\t\t\t<\/div>\n\t\t<\/section>\n\t\t\t\t\t\t<\/div>\n\t\t\t\t<\/article>\n\t\t\t\t<article id=\"post-4136\" class=\"elementor-post elementor-grid-item ecs-post-loop post-4136 post type-post status-publish format-standard has-post-thumbnail hentry category-uncategorized-gl\">\n\t\t\t\t<div data-elementor-type=\"loop\" data-elementor-id=\"208\" class=\"elementor elementor-208 post-4136 post type-post status-publish format-standard has-post-thumbnail hentry category-uncategorized-gl\">\n\t\t\t\t\t\t\t\t<section class=\"elementor-section elementor-top-section elementor-element elementor-element-1d7e0a4 elementor-section-full_width elementor-section-height-default elementor-section-height-default\" data-id=\"1d7e0a4\" data-element_type=\"section\">\n\t\t\t\t\t\t<div class=\"elementor-container elementor-column-gap-no\">\n\t\t\t\t\t<div class=\"make-column-clickable-elementor elementor-column elementor-col-100 elementor-top-column elementor-element elementor-element-6321ee5\" style=\"cursor: pointer;\" data-column-clickable=\"https:\/\/www.sedexpo.com\/gl\/la-feria-de-seguridad-defensa-y-emergencias-sedexpo-2025-recibe-a-mas-de-3-300-visitantes-con-un-perfil-de-gran-calidad\/\" data-column-clickable-blank=\"_self\" data-id=\"6321ee5\" data-element_type=\"column\">\n\t\t\t<div class=\"elementor-widget-wrap elementor-element-populated\">\n\t\t\t\t\t\t<style>#post-4136 .elementor-208 .elementor-element.elementor-element-35df029:not(.elementor-motion-effects-element-type-background), #post-4136 .elementor-208 .elementor-element.elementor-element-35df029 > .elementor-motion-effects-container > .elementor-motion-effects-layer{background-image: url(\"https:\/\/www.sedexpo.com\/wp-content\/uploads\/2025\/03\/Publico-en-Sedexpo-2025-DSC04831-scaled.jpg\");}<\/style>\t\t<section class=\"elementor-section elementor-inner-section elementor-element elementor-element-35df029 elementor-section-full_width elementor-section-height-min-height elementor-section-height-default\" data-id=\"35df029\" data-element_type=\"section\" data-settings=\"{&quot;background_background&quot;:&quot;classic&quot;}\">\n\t\t\t\t\t\t<div class=\"elementor-container elementor-column-gap-no\">\n\t\t\t\t\t<div class=\"elementor-column elementor-col-100 elementor-inner-column elementor-element elementor-element-1cafc09\" data-id=\"1cafc09\" data-element_type=\"column\">\n\t\t\t<div class=\"elementor-widget-wrap\">\n\t\t\t\t\t\t\t\t\t<\/div>\n\t\t<\/div>\n\t\t\t\t\t\t\t<\/div>\n\t\t<\/section>\n\t\t\t\t<section class=\"elementor-section elementor-inner-section elementor-element elementor-element-5a7aa4e elementor-section-full_width elementor-section-height-default elementor-section-height-default\" data-id=\"5a7aa4e\" data-element_type=\"section\" data-settings=\"{&quot;background_background&quot;:&quot;classic&quot;}\">\n\t\t\t\t\t\t<div class=\"elementor-container elementor-column-gap-default\">\n\t\t\t\t\t<div class=\"elementor-column elementor-col-100 elementor-inner-column elementor-element elementor-element-f52386e\" data-id=\"f52386e\" data-element_type=\"column\">\n\t\t\t<div class=\"elementor-widget-wrap elementor-element-populated\">\n\t\t\t\t\t\t\t\t<div class=\"elementor-element elementor-element-f7e5506 elementor-widget elementor-widget-theme-post-title elementor-page-title elementor-widget-heading\" data-id=\"f7e5506\" data-element_type=\"widget\" data-widget_type=\"theme-post-title.default\">\n\t\t\t\t<div class=\"elementor-widget-container\">\n\t\t\t<h3 class=\"elementor-heading-title elementor-size-default\"><a href=\"https:\/\/www.sedexpo.com\/gl\/la-feria-de-seguridad-defensa-y-emergencias-sedexpo-2025-recibe-a-mas-de-3-300-visitantes-con-un-perfil-de-gran-calidad\/\">A feira de seguridade, defensa e emerxencias Sedexpo 2025 recibe a m\u00e1is de 3.300 visitantes cun perfil de \u201cgran calidade\u201d<\/a><\/h3>\t\t<\/div>\n\t\t\t\t<\/div>\n\t\t\t\t<div class=\"elementor-element elementor-element-f7319f8 elementor-widget elementor-widget-post-info\" data-id=\"f7319f8\" data-element_type=\"widget\" data-widget_type=\"post-info.default\">\n\t\t\t\t<div class=\"elementor-widget-container\">\n\t\t\t\t\t<ul class=\"elementor-inline-items elementor-icon-list-items elementor-post-info\">\n\t\t\t\t\t\t\t\t<li class=\"elementor-icon-list-item elementor-repeater-item-2cd20f6 elementor-inline-item\" itemprop=\"datePublished\">\n\t\t\t\t\t\t\t\t\t\t\t\t\t<span class=\"elementor-icon-list-text elementor-post-info__item elementor-post-info__item--type-date\">\n\t\t\t\t\t\t\t\t\t\t28.03.2025\t\t\t\t\t<\/span>\n\t\t\t\t\t\t\t\t<\/li>\n\t\t\t\t<\/ul>\n\t\t\t\t<\/div>\n\t\t\t\t<\/div>\n\t\t\t\t<div class=\"elementor-element elementor-element-5be9030 elementor-widget elementor-widget-text-editor\" data-id=\"5be9030\" data-element_type=\"widget\" data-widget_type=\"text-editor.default\">\n\t\t\t\t<div class=\"elementor-widget-container\">\n\t\t\t\t\t\t\tA MAIOR\u00cdA DE EXPOSITORES DESTACARON NESTA EDICI\u00d3N UN GRAN NIVEL NO PERFIL DOS VISITANTES POLA S\u00daA CAPACIDADE DE DECISI\u00d3N NO PROCESO DE COMPRA, INCLU\u00cdNDOSE\t\t\t\t\t\t<\/div>\n\t\t\t\t<\/div>\n\t\t\t\t<div class=\"elementor-element elementor-element-b6017a1 elementor-widget elementor-widget-heading\" data-id=\"b6017a1\" data-element_type=\"widget\" data-widget_type=\"heading.default\">\n\t\t\t\t<div class=\"elementor-widget-container\">\n\t\t\t<p class=\"elementor-heading-title elementor-size-default\"><a href=\"https:\/\/www.sedexpo.com\/gl\/la-feria-de-seguridad-defensa-y-emergencias-sedexpo-2025-recibe-a-mas-de-3-300-visitantes-con-un-perfil-de-gran-calidad\/\">+ info<\/a><\/p>\t\t<\/div>\n\t\t\t\t<\/div>\n\t\t\t\t\t<\/div>\n\t\t<\/div>\n\t\t\t\t\t\t\t<\/div>\n\t\t<\/section>\n\t\t\t\t\t<\/div>\n\t\t<\/div>\n\t\t\t\t\t\t\t<\/div>\n\t\t<\/section>\n\t\t\t\t\t\t<\/div>\n\t\t\t\t<\/article>\n\t\t\t\t<article id=\"post-4108\" class=\"elementor-post elementor-grid-item ecs-post-loop post-4108 post type-post status-publish format-standard has-post-thumbnail hentry category-uncategorized-gl\">\n\t\t\t\t<div data-elementor-type=\"loop\" data-elementor-id=\"208\" class=\"elementor elementor-208 post-4108 post type-post status-publish format-standard has-post-thumbnail hentry category-uncategorized-gl\">\n\t\t\t\t\t\t\t\t<section class=\"elementor-section elementor-top-section elementor-element elementor-element-1d7e0a4 elementor-section-full_width elementor-section-height-default elementor-section-height-default\" data-id=\"1d7e0a4\" data-element_type=\"section\">\n\t\t\t\t\t\t<div class=\"elementor-container elementor-column-gap-no\">\n\t\t\t\t\t<div class=\"make-column-clickable-elementor elementor-column elementor-col-100 elementor-top-column elementor-element elementor-element-6321ee5\" style=\"cursor: pointer;\" data-column-clickable=\"https:\/\/www.sedexpo.com\/gl\/sedexpo-2025-recorrio-hoy-en-su-programa-desde-los-incendios-forestales-o-la-dana-hasta-la-seguridad-privada-y-la-lucha-contra-el-narcotrafico\/\" data-column-clickable-blank=\"_self\" data-id=\"6321ee5\" data-element_type=\"column\">\n\t\t\t<div class=\"elementor-widget-wrap elementor-element-populated\">\n\t\t\t\t\t\t<style>#post-4108 .elementor-208 .elementor-element.elementor-element-35df029:not(.elementor-motion-effects-element-type-background), #post-4108 .elementor-208 .elementor-element.elementor-element-35df029 > .elementor-motion-effects-container > .elementor-motion-effects-layer{background-image: url(\"https:\/\/www.sedexpo.com\/wp-content\/uploads\/2025\/03\/Helicoptero-do-servizo-de-Vixilancia-Aduaneira-da-AEAT-aterrando-hoxe-en-Sedexpo-2025-scaled.jpg\");}<\/style>\t\t<section class=\"elementor-section elementor-inner-section elementor-element elementor-element-35df029 elementor-section-full_width elementor-section-height-min-height elementor-section-height-default\" data-id=\"35df029\" data-element_type=\"section\" data-settings=\"{&quot;background_background&quot;:&quot;classic&quot;}\">\n\t\t\t\t\t\t<div class=\"elementor-container elementor-column-gap-no\">\n\t\t\t\t\t<div class=\"elementor-column elementor-col-100 elementor-inner-column elementor-element elementor-element-1cafc09\" data-id=\"1cafc09\" data-element_type=\"column\">\n\t\t\t<div class=\"elementor-widget-wrap\">\n\t\t\t\t\t\t\t\t\t<\/div>\n\t\t<\/div>\n\t\t\t\t\t\t\t<\/div>\n\t\t<\/section>\n\t\t\t\t<section class=\"elementor-section elementor-inner-section elementor-element elementor-element-5a7aa4e elementor-section-full_width elementor-section-height-default elementor-section-height-default\" data-id=\"5a7aa4e\" data-element_type=\"section\" data-settings=\"{&quot;background_background&quot;:&quot;classic&quot;}\">\n\t\t\t\t\t\t<div class=\"elementor-container elementor-column-gap-default\">\n\t\t\t\t\t<div class=\"elementor-column elementor-col-100 elementor-inner-column elementor-element elementor-element-f52386e\" data-id=\"f52386e\" data-element_type=\"column\">\n\t\t\t<div class=\"elementor-widget-wrap elementor-element-populated\">\n\t\t\t\t\t\t\t\t<div class=\"elementor-element elementor-element-f7e5506 elementor-widget elementor-widget-theme-post-title elementor-page-title elementor-widget-heading\" data-id=\"f7e5506\" data-element_type=\"widget\" data-widget_type=\"theme-post-title.default\">\n\t\t\t\t<div class=\"elementor-widget-container\">\n\t\t\t<h3 class=\"elementor-heading-title elementor-size-default\"><a href=\"https:\/\/www.sedexpo.com\/gl\/sedexpo-2025-recorrio-hoy-en-su-programa-desde-los-incendios-forestales-o-la-dana-hasta-la-seguridad-privada-y-la-lucha-contra-el-narcotrafico\/\">Sedexpo 2025 percorreu hoxe no seu programa dende os incendios forestais ou a Dana ata a seguridade privada ou a loita contra o narcotr\u00e1fico<\/a><\/h3>\t\t<\/div>\n\t\t\t\t<\/div>\n\t\t\t\t<div class=\"elementor-element elementor-element-f7319f8 elementor-widget elementor-widget-post-info\" data-id=\"f7319f8\" data-element_type=\"widget\" data-widget_type=\"post-info.default\">\n\t\t\t\t<div class=\"elementor-widget-container\">\n\t\t\t\t\t<ul class=\"elementor-inline-items elementor-icon-list-items elementor-post-info\">\n\t\t\t\t\t\t\t\t<li class=\"elementor-icon-list-item elementor-repeater-item-2cd20f6 elementor-inline-item\" itemprop=\"datePublished\">\n\t\t\t\t\t\t\t\t\t\t\t\t\t<span class=\"elementor-icon-list-text elementor-post-info__item elementor-post-info__item--type-date\">\n\t\t\t\t\t\t\t\t\t\t27.03.2025\t\t\t\t\t<\/span>\n\t\t\t\t\t\t\t\t<\/li>\n\t\t\t\t<\/ul>\n\t\t\t\t<\/div>\n\t\t\t\t<\/div>\n\t\t\t\t<div class=\"elementor-element elementor-element-5be9030 elementor-widget elementor-widget-text-editor\" data-id=\"5be9030\" data-element_type=\"widget\" data-widget_type=\"text-editor.default\">\n\t\t\t\t<div class=\"elementor-widget-container\">\n\t\t\t\t\t\t\tAS 387 FIRMAS REPRESENTADAS NO CERTAME CONTIN\u00daAN AMOSANDO AS \u00daLTIMAS INNOVACI\u00d3NS EN SEGURIDADE, DEFENSA E EMERXENCIAS AS PRETO DE 40 CONFERENCIAS IMPARTIDAS EN 17\t\t\t\t\t\t<\/div>\n\t\t\t\t<\/div>\n\t\t\t\t<div class=\"elementor-element elementor-element-b6017a1 elementor-widget elementor-widget-heading\" data-id=\"b6017a1\" data-element_type=\"widget\" data-widget_type=\"heading.default\">\n\t\t\t\t<div class=\"elementor-widget-container\">\n\t\t\t<p class=\"elementor-heading-title elementor-size-default\"><a href=\"https:\/\/www.sedexpo.com\/gl\/sedexpo-2025-recorrio-hoy-en-su-programa-desde-los-incendios-forestales-o-la-dana-hasta-la-seguridad-privada-y-la-lucha-contra-el-narcotrafico\/\">+ info<\/a><\/p>\t\t<\/div>\n\t\t\t\t<\/div>\n\t\t\t\t\t<\/div>\n\t\t<\/div>\n\t\t\t\t\t\t\t<\/div>\n\t\t<\/section>\n\t\t\t\t\t<\/div>\n\t\t<\/div>\n\t\t\t\t\t\t\t<\/div>\n\t\t<\/section>\n\t\t\t\t\t\t<\/div>\n\t\t\t\t<\/article>\n\t\t\t\t<\/div>\n\t\t\t\t<\/div>\n\t\t\t\t<\/div>\n\t\t\t\t\t<\/div>\n\t\t<\/div>\n\t\t\t\t\t\t\t<\/div>\n\t\t<\/section>\n\t\t\t\t<section class=\"elementor-section elementor-top-section elementor-element elementor-element-3a5f148 elementor-section-stretched elementor-section-boxed elementor-section-height-default elementor-section-height-default\" data-id=\"3a5f148\" data-element_type=\"section\" data-settings=\"{&quot;stretch_section&quot;:&quot;section-stretched&quot;}\">\n\t\t\t\t\t\t<div class=\"elementor-container elementor-column-gap-default\">\n\t\t\t\t\t<div class=\"elementor-column elementor-col-100 elementor-top-column elementor-element elementor-element-96fa72b\" data-id=\"96fa72b\" data-element_type=\"column\">\n\t\t\t<div class=\"elementor-widget-wrap elementor-element-populated\">\n\t\t\t\t\t\t\t\t<div class=\"elementor-element elementor-element-2f959b0 elementor-widget elementor-widget-video\" data-id=\"2f959b0\" data-element_type=\"widget\" data-settings=\"{&quot;youtube_url&quot;:&quot;https:\\\/\\\/youtu.be\\\/0yuE0WXfGV0&quot;,&quot;autoplay&quot;:&quot;yes&quot;,&quot;mute&quot;:&quot;yes&quot;,&quot;video_type&quot;:&quot;youtube&quot;,&quot;controls&quot;:&quot;yes&quot;}\" data-widget_type=\"video.default\">\n\t\t\t\t<div class=\"elementor-widget-container\">\n\t\t\t<style>\/*! elementor - v3.11.5 - 14-03-2023 *\/\n.elementor-widget-video .elementor-widget-container{overflow:hidden;transform:translateZ(0)}.elementor-widget-video .elementor-wrapper iframe,.elementor-widget-video .elementor-wrapper video{height:100%;width:100%;display:flex;border:none;background-color:#000}.elementor-widget-video .elementor-open-inline .elementor-custom-embed-image-overlay{position:absolute;top:0;left:0;width:100%;height:100%;background-size:cover;background-position:50%}.elementor-widget-video .elementor-custom-embed-image-overlay{cursor:pointer;text-align:center}.elementor-widget-video .elementor-custom-embed-image-overlay:hover .elementor-custom-embed-play i{opacity:1}.elementor-widget-video .elementor-custom-embed-image-overlay img{display:block;width:100%}.elementor-widget-video .e-hosted-video .elementor-video{-o-object-fit:cover;object-fit:cover}.e-con-inner>.elementor-widget-video,.e-con>.elementor-widget-video{width:var(--container-widget-width);--flex-grow:var(--container-widget-flex-grow)}<\/style>\t\t<div class=\"elementor-wrapper elementor-open-inline\">\n\t\t\t<div class=\"elementor-video\"><\/div>\t\t<\/div>\n\t\t\t\t<\/div>\n\t\t\t\t<\/div>\n\t\t\t\t\t<\/div>\n\t\t<\/div>\n\t\t\t\t\t\t\t<\/div>\n\t\t<\/section>\n\t\t\t\t\t\t\t<\/div>\n\t\t","protected":false},"excerpt":{"rendered":"<p>SILLEDA &#8211; GALICIA &#8211; ESPA\u00d1A7-9 de abril de 2027 FEIRA INTERNACIONAL DE SEGURIDADE, DEFENSA E EMERXENCIAS SILLEDA &#8211; GALICIA &#8211; ESPA\u00d1A7-9 de abril de 2027<\/p>\n","protected":false},"author":1,"featured_media":0,"parent":0,"menu_order":0,"comment_status":"closed","ping_status":"closed","template":"elementor_header_footer","meta":{"footnotes":""},"class_list":["post-1506","page","type-page","status-publish","hentry"],"acf":[],"yoast_head":"<!-- This site is optimized with the Yoast SEO plugin v18.1 - https:\/\/yoast.com\/wordpress\/plugins\/seo\/ -->\n<title>SEDEXPO 2025 | Feira Internacional de Seguridade, Defensa e Emerxencias<\/title>\n<meta name=\"description\" content=\"A Feira Internacional de Seguridade, Defensa e Emerxencias SEDEXPO cel\u00e9brase en Silleda do 26 ao 28 de marzo de 2025. Un certame \u00fanico nun espazo \u00fanico, no que ter\u00e1n cabida t\u00f3dalas pezas clave que conforman os \u00e1mbitos da SEGURIDADE, a DEFENSA e as EMERXENCIAS.\" \/>\n<meta name=\"robots\" content=\"index, follow, max-snippet:-1, max-image-preview:large, max-video-preview:-1\" \/>\n<link rel=\"canonical\" href=\"https:\/\/www.sedexpo.com\/gl\/\" \/>\n<meta property=\"og:locale\" content=\"gl_ES\" \/>\n<meta property=\"og:type\" content=\"article\" \/>\n<meta property=\"og:title\" content=\"SEDEXPO 2025 | Feira Internacional de Seguridade, Defensa e Emerxencias\" \/>\n<meta property=\"og:description\" content=\"A Feira Internacional de Seguridade, Defensa e Emerxencias SEDEXPO cel\u00e9brase en Silleda do 26 ao 28 de marzo de 2025. Un certame \u00fanico nun espazo \u00fanico, no que ter\u00e1n cabida t\u00f3dalas pezas clave que conforman os \u00e1mbitos da SEGURIDADE, a DEFENSA e as EMERXENCIAS.\" \/>\n<meta property=\"og:url\" content=\"https:\/\/www.sedexpo.com\/gl\/\" \/>\n<meta property=\"og:site_name\" content=\"SEDEXPO\" \/>\n<meta property=\"article:publisher\" content=\"https:\/\/www.facebook.com\/feriaSEDEXPO\" \/>\n<meta property=\"article:modified_time\" content=\"2026-02-12T13:39:33+00:00\" \/>\n<meta property=\"og:image\" content=\"https:\/\/www.sedexpo.com\/wp-content\/uploads\/2022\/02\/sedexpo-logo.png\" \/>\n<meta name=\"twitter:card\" content=\"summary_large_image\" \/>\n<meta name=\"twitter:site\" content=\"@feriasedexpo\" \/>\n<meta name=\"twitter:label1\" content=\"Tempo de lectura\" \/>\n\t<meta name=\"twitter:data1\" content=\"10 minutos\" \/>\n<script type=\"application\/ld+json\" class=\"yoast-schema-graph\">{\"@context\":\"https:\/\/schema.org\",\"@graph\":[{\"@type\":\"Organization\",\"@id\":\"https:\/\/www.sedexpo.com\/gl\/#organization\",\"name\":\"SEDEXPO\",\"url\":\"https:\/\/www.sedexpo.com\/gl\/\",\"sameAs\":[\"https:\/\/www.facebook.com\/feriaSEDEXPO\",\"https:\/\/es.linkedin.com\/company\/sedexpo\",\"https:\/\/twitter.com\/feriasedexpo\"],\"logo\":{\"@type\":\"ImageObject\",\"@id\":\"https:\/\/www.sedexpo.com\/gl\/#logo\",\"inLanguage\":\"gl-ES\",\"url\":\"https:\/\/www.sedexpo.com\/wp-content\/uploads\/2022\/02\/sedexpo-logo.png\",\"contentUrl\":\"https:\/\/www.sedexpo.com\/wp-content\/uploads\/2022\/02\/sedexpo-logo.png\",\"width\":556,\"height\":556,\"caption\":\"SEDEXPO\"},\"image\":{\"@id\":\"https:\/\/www.sedexpo.com\/gl\/#logo\"}},{\"@type\":\"WebSite\",\"@id\":\"https:\/\/www.sedexpo.com\/gl\/#website\",\"url\":\"https:\/\/www.sedexpo.com\/gl\/\",\"name\":\"SEDEXPO\",\"description\":\"Feria Internacional de Seguridad, Defensa y Emergencias.\",\"publisher\":{\"@id\":\"https:\/\/www.sedexpo.com\/gl\/#organization\"},\"potentialAction\":[{\"@type\":\"SearchAction\",\"target\":{\"@type\":\"EntryPoint\",\"urlTemplate\":\"https:\/\/www.sedexpo.com\/gl\/?s={search_term_string}\"},\"query-input\":\"required name=search_term_string\"}],\"inLanguage\":\"gl-ES\"},{\"@type\":\"ImageObject\",\"@id\":\"https:\/\/www.sedexpo.com\/gl\/#primaryimage\",\"inLanguage\":\"gl-ES\",\"url\":\"\/wp-content\/uploads\/2022\/02\/sedexpo-logo.png\",\"contentUrl\":\"\/wp-content\/uploads\/2022\/02\/sedexpo-logo.png\"},{\"@type\":\"WebPage\",\"@id\":\"https:\/\/www.sedexpo.com\/gl\/#webpage\",\"url\":\"https:\/\/www.sedexpo.com\/gl\/\",\"name\":\"SEDEXPO 2025 | Feira Internacional de Seguridade, Defensa e Emerxencias\",\"isPartOf\":{\"@id\":\"https:\/\/www.sedexpo.com\/gl\/#website\"},\"primaryImageOfPage\":{\"@id\":\"https:\/\/www.sedexpo.com\/gl\/#primaryimage\"},\"datePublished\":\"2022-03-09T14:10:09+00:00\",\"dateModified\":\"2026-02-12T13:39:33+00:00\",\"description\":\"A Feira Internacional de Seguridade, Defensa e Emerxencias SEDEXPO cel\u00e9brase en Silleda do 26 ao 28 de marzo de 2025. Un certame \u00fanico nun espazo \u00fanico, no que ter\u00e1n cabida t\u00f3dalas pezas clave que conforman os \u00e1mbitos da SEGURIDADE, a DEFENSA e as EMERXENCIAS.\",\"breadcrumb\":{\"@id\":\"https:\/\/www.sedexpo.com\/gl\/#breadcrumb\"},\"inLanguage\":\"gl-ES\",\"potentialAction\":[{\"@type\":\"ReadAction\",\"target\":[\"https:\/\/www.sedexpo.com\/gl\/\"]}]},{\"@type\":\"BreadcrumbList\",\"@id\":\"https:\/\/www.sedexpo.com\/gl\/#breadcrumb\",\"itemListElement\":[{\"@type\":\"ListItem\",\"position\":1,\"name\":\"Portada\",\"item\":\"https:\/\/www.sedexpo.com\/gl\/\"},{\"@type\":\"ListItem\",\"position\":2,\"name\":\"Inicio\"}]}]}<\/script>\n<!-- \/ Yoast SEO plugin. -->","yoast_head_json":{"title":"SEDEXPO 2025 | Feira Internacional de Seguridade, Defensa e Emerxencias","description":"A Feira Internacional de Seguridade, Defensa e Emerxencias SEDEXPO cel\u00e9brase en Silleda do 26 ao 28 de marzo de 2025. Un certame \u00fanico nun espazo \u00fanico, no que ter\u00e1n cabida t\u00f3dalas pezas clave que conforman os \u00e1mbitos da SEGURIDADE, a DEFENSA e as EMERXENCIAS.","robots":{"index":"index","follow":"follow","max-snippet":"max-snippet:-1","max-image-preview":"max-image-preview:large","max-video-preview":"max-video-preview:-1"},"canonical":"https:\/\/www.sedexpo.com\/gl\/","og_locale":"gl_ES","og_type":"article","og_title":"SEDEXPO 2025 | Feira Internacional de Seguridade, Defensa e Emerxencias","og_description":"A Feira Internacional de Seguridade, Defensa e Emerxencias SEDEXPO cel\u00e9brase en Silleda do 26 ao 28 de marzo de 2025. Un certame \u00fanico nun espazo \u00fanico, no que ter\u00e1n cabida t\u00f3dalas pezas clave que conforman os \u00e1mbitos da SEGURIDADE, a DEFENSA e as EMERXENCIAS.","og_url":"https:\/\/www.sedexpo.com\/gl\/","og_site_name":"SEDEXPO","article_publisher":"https:\/\/www.facebook.com\/feriaSEDEXPO","article_modified_time":"2026-02-12T13:39:33+00:00","og_image":[{"url":"https:\/\/www.sedexpo.com\/wp-content\/uploads\/2022\/02\/sedexpo-logo.png"}],"twitter_card":"summary_large_image","twitter_site":"@feriasedexpo","twitter_misc":{"Tempo de lectura":"10 minutos"},"schema":{"@context":"https:\/\/schema.org","@graph":[{"@type":"Organization","@id":"https:\/\/www.sedexpo.com\/gl\/#organization","name":"SEDEXPO","url":"https:\/\/www.sedexpo.com\/gl\/","sameAs":["https:\/\/www.facebook.com\/feriaSEDEXPO","https:\/\/es.linkedin.com\/company\/sedexpo","https:\/\/twitter.com\/feriasedexpo"],"logo":{"@type":"ImageObject","@id":"https:\/\/www.sedexpo.com\/gl\/#logo","inLanguage":"gl-ES","url":"https:\/\/www.sedexpo.com\/wp-content\/uploads\/2022\/02\/sedexpo-logo.png","contentUrl":"https:\/\/www.sedexpo.com\/wp-content\/uploads\/2022\/02\/sedexpo-logo.png","width":556,"height":556,"caption":"SEDEXPO"},"image":{"@id":"https:\/\/www.sedexpo.com\/gl\/#logo"}},{"@type":"WebSite","@id":"https:\/\/www.sedexpo.com\/gl\/#website","url":"https:\/\/www.sedexpo.com\/gl\/","name":"SEDEXPO","description":"Feria Internacional de Seguridad, Defensa y Emergencias.","publisher":{"@id":"https:\/\/www.sedexpo.com\/gl\/#organization"},"potentialAction":[{"@type":"SearchAction","target":{"@type":"EntryPoint","urlTemplate":"https:\/\/www.sedexpo.com\/gl\/?s={search_term_string}"},"query-input":"required name=search_term_string"}],"inLanguage":"gl-ES"},{"@type":"ImageObject","@id":"https:\/\/www.sedexpo.com\/gl\/#primaryimage","inLanguage":"gl-ES","url":"\/wp-content\/uploads\/2022\/02\/sedexpo-logo.png","contentUrl":"\/wp-content\/uploads\/2022\/02\/sedexpo-logo.png"},{"@type":"WebPage","@id":"https:\/\/www.sedexpo.com\/gl\/#webpage","url":"https:\/\/www.sedexpo.com\/gl\/","name":"SEDEXPO 2025 | Feira Internacional de Seguridade, Defensa e Emerxencias","isPartOf":{"@id":"https:\/\/www.sedexpo.com\/gl\/#website"},"primaryImageOfPage":{"@id":"https:\/\/www.sedexpo.com\/gl\/#primaryimage"},"datePublished":"2022-03-09T14:10:09+00:00","dateModified":"2026-02-12T13:39:33+00:00","description":"A Feira Internacional de Seguridade, Defensa e Emerxencias SEDEXPO cel\u00e9brase en Silleda do 26 ao 28 de marzo de 2025. Un certame \u00fanico nun espazo \u00fanico, no que ter\u00e1n cabida t\u00f3dalas pezas clave que conforman os \u00e1mbitos da SEGURIDADE, a DEFENSA e as EMERXENCIAS.","breadcrumb":{"@id":"https:\/\/www.sedexpo.com\/gl\/#breadcrumb"},"inLanguage":"gl-ES","potentialAction":[{"@type":"ReadAction","target":["https:\/\/www.sedexpo.com\/gl\/"]}]},{"@type":"BreadcrumbList","@id":"https:\/\/www.sedexpo.com\/gl\/#breadcrumb","itemListElement":[{"@type":"ListItem","position":1,"name":"Portada","item":"https:\/\/www.sedexpo.com\/gl\/"},{"@type":"ListItem","position":2,"name":"Inicio"}]}]}},"_links":{"self":[{"href":"https:\/\/www.sedexpo.com\/gl\/wp-json\/wp\/v2\/pages\/1506","targetHints":{"allow":["GET"]}}],"collection":[{"href":"https:\/\/www.sedexpo.com\/gl\/wp-json\/wp\/v2\/pages"}],"about":[{"href":"https:\/\/www.sedexpo.com\/gl\/wp-json\/wp\/v2\/types\/page"}],"author":[{"embeddable":true,"href":"https:\/\/www.sedexpo.com\/gl\/wp-json\/wp\/v2\/users\/1"}],"replies":[{"embeddable":true,"href":"https:\/\/www.sedexpo.com\/gl\/wp-json\/wp\/v2\/comments?post=1506"}],"version-history":[{"count":48,"href":"https:\/\/www.sedexpo.com\/gl\/wp-json\/wp\/v2\/pages\/1506\/revisions"}],"predecessor-version":[{"id":4173,"href":"https:\/\/www.sedexpo.com\/gl\/wp-json\/wp\/v2\/pages\/1506\/revisions\/4173"}],"wp:attachment":[{"href":"https:\/\/www.sedexpo.com\/gl\/wp-json\/wp\/v2\/media?parent=1506"}],"curies":[{"name":"wp","href":"https:\/\/api.w.org\/{rel}","templated":true}]}}